{"id":410,"date":"2015-04-20T10:11:31","date_gmt":"2015-04-20T08:11:31","guid":{"rendered":"https:\/\/www.caecilienchor-muenchenstein.ch\/?page_id=410"},"modified":"2022-05-09T00:54:20","modified_gmt":"2022-05-08T22:54:20","slug":"chronik","status":"publish","type":"page","link":"https:\/\/www.caecilienchor-muenchenstein.ch\/?page_id=410","title":{"rendered":"Chronik"},"content":{"rendered":"<p><strong>Gott zur Ehre<\/strong><\/p>\n<p>Der C\u00e4cilienchor M\u00fcnchenstein ist so alt wie die Pfarrei M\u00fcnchenstein. Im Januar 1907 wurde die Pfarrei M\u00fcnchenstein offiziell gegr\u00fcndet. Die Messe musste aber vorerst in der Kirche von Arlesheim gehalten werden. Am 8. Dezember 1907 konnte der erste Gottesdienst im Rohbau des neu erbauten Betsaales gefeiert werden, unter einfachsten Verh\u00e4ltnissen: Auf kahlem Erdboden stehend, die Fenstern notd\u00fcrftig verh\u00fcllt mit Emballagen gegen den Zugwind. Man ist geneigt zu sagen passend zur Weihnachtsgeschichte. Die Kirchenb\u00e4nke stammten von Aesch, dazu kamen einfache St\u00fchle und eine Trib\u00fcne f\u00fcr den Kirchenchor.<\/p>\n<div id=\"attachment_418\" style=\"width: 435px\" class=\"wp-caption alignright\"><img loading=\"lazy\" decoding=\"async\" aria-describedby=\"caption-attachment-418\" class=\"size-full wp-image-418\" src=\"https:\/\/www.caecilienchor-muenchenstein.ch\/wp-content\/uploads\/ausflug3.jpg\" alt=\"Gesellige Ausfl\u00fcge anno ???? mit W. Scheidegger (Vater), Willi Fl\u00fcck, Lina Scheidegger, R\u00f6sly Fuchs (Stalder), Nelly H\u00fcgin, Karl H\u00fcgin (Dirigent), Frau Fl\u00fcck und S\u00f6hne, Frau Kaufmann, Gusti Kaufmann (vlnr)\" width=\"425\" height=\"270\" srcset=\"https:\/\/www.caecilienchor-muenchenstein.ch\/wp-content\/uploads\/ausflug3.jpg 425w, https:\/\/www.caecilienchor-muenchenstein.ch\/wp-content\/uploads\/ausflug3-150x95.jpg 150w, https:\/\/www.caecilienchor-muenchenstein.ch\/wp-content\/uploads\/ausflug3-300x191.jpg 300w, https:\/\/www.caecilienchor-muenchenstein.ch\/wp-content\/uploads\/ausflug3-236x150.jpg 236w\" sizes=\"(max-width: 425px) 100vw, 425px\" \/><p id=\"caption-attachment-418\" class=\"wp-caption-text\">Gesellige Ausfl\u00fcge anno ???? mit W. Scheidegger (Vater), Willi Fl\u00fcck, Lina Scheidegger, R\u00f6sly Fuchs (Stalder), Nelly H\u00fcgin, Karl H\u00fcgin (Dirigent), Frau Fl\u00fcck und S\u00f6hne, Frau Kaufmann, Gusti Kaufmann (vlnr)<\/p><\/div>\n<p>Zur feierlichen Liturgie geh\u00f6rte jedoch notwendigerweise auch die entsprechende Kirchenmusik. Das Motu-Proprio von Papst Pius X, das kirchenmusikalische Gesetzbuch aus dem Jahre 1903, h\u00e4lt grunds\u00e4tzlich fest: \u201eDie Kirchenmusik ist ein wesentlicher Bestandteil der feierlichen Liturgie.\u201c<\/p>\n<p>Bald fanden sich einige Herren zusammen, um mit Pfarrer L\u00f6tscher kirchlichen Gesang zu pflegen. Geprobt wurde in der Wohnung des Pfarrers. Der historische Gr\u00fcndungstag des Kirchenchores fand am 16. Dezember 1907 statt: \u201eNach Beendigung der Gesangsprobe wird von H.H. Pfarrer L\u00f6tscher ein Statutenentwurf vorgelegt und die Gr\u00fcndung eines r\u00f6m. kath. Kirchenchores beantragt und ohne Opposition genehmigt. Alsdann wird der Vorstand bestellt.\u201c So steht es im \u00e4ltesten Protokollbuch geschrieben. Als Ehrenpr\u00e4ses wurde Pfarrer L\u00f6tscher gew\u00e4hlt, der auch gleich die musikalische Leitung \u00fcbernahm. Als erster Pr\u00e4sident amtete Daniel Moser. Insgesamt geh\u00f6rten 7 M\u00e4nner zum Gr\u00fcndungsverein.<\/p>\n<p>\u00dcber die T\u00e4tigkeit des Chores in den ersten Jahren liegen nur sp\u00e4rliche Berichte vor. Anf\u00e4nglich hatte der Verein mit einigen Schwierigkeiten zu k\u00e4mpfen. Die Pfarrei M\u00fcnchenstein war ja eine Diasporapfarrei, ihre Angeh\u00f6rigen waren zugewanderte, meist arme Arbeiter und Handwerker. Sie stammten vorwiegend aus den katholischen Stammlanden der Schweiz und mussten sich gegen die Ortsans\u00e4ssige reformierte Bev\u00f6lkerung behaupten.<\/p>\n<p>Auch fehlte es weitgehend an Geldmittel. Vieles konnte nur durch freiwillige Spenden beschafft werden. Trotzdem herrschte ein reger Chorbetrieb mit \u00fcber 70 Gesangstunden und 7 Theaterproben. Um 1911 wurden 11 Aktiv-, 12 Passiv- und 1 Ehrenmitglied erw\u00e4hnt. Trotz der geringen Mitgliederzahl beteiligte sich der Chor aktiv an den Dekanats-C\u00e4cilienfesten. Der Mitgliederbeitrag betrug damals 50 Rappen. Um dem pflichtbewussten Probenbesuch nachzuhelfen, wurden ferner Geldstrafen eingef\u00fchrt: 5 Rappen f\u00fcr Zusp\u00e4tkommen, und 20 Rappen f\u00fcr Proben-Schw\u00e4nzen!<\/p>\n<div id=\"attachment_417\" style=\"width: 417px\" class=\"wp-caption alignright\"><img loading=\"lazy\" decoding=\"async\" aria-describedby=\"caption-attachment-417\" class=\"size-full wp-image-417\" src=\"https:\/\/www.caecilienchor-muenchenstein.ch\/wp-content\/uploads\/ausflug2.jpg\" alt=\"Evi Gisiger, Lina Scheidegger, Anneli Christ, Lieseli Degen, Bernadette Hunkeler, Heinz Scheidegger (vlnr) \" width=\"407\" height=\"284\" srcset=\"https:\/\/www.caecilienchor-muenchenstein.ch\/wp-content\/uploads\/ausflug2.jpg 407w, https:\/\/www.caecilienchor-muenchenstein.ch\/wp-content\/uploads\/ausflug2-150x105.jpg 150w, https:\/\/www.caecilienchor-muenchenstein.ch\/wp-content\/uploads\/ausflug2-300x209.jpg 300w, https:\/\/www.caecilienchor-muenchenstein.ch\/wp-content\/uploads\/ausflug2-215x150.jpg 215w\" sizes=\"(max-width: 407px) 100vw, 407px\" \/><p id=\"caption-attachment-417\" class=\"wp-caption-text\">Evi Gisiger, Lina Scheidegger, Anneli Christ, Lieseli Degen, Bernadette Hunkeler, Heinz Scheidegger (vlnr)<\/p><\/div>\n<p><strong>Vom M\u00e4nnerchor zum C\u00e4cilienchor<\/strong><\/p>\n<p>In der ersten Zeit sangen nur M\u00e4nner. Im Jahre 1914 vereinigte sich der Chor mit dem neu gegr\u00fcndeten kath. Gemischtenchor, ein mutiger und damals umk\u00e4mpfter Schritt, der jedoch musikalisch gesehen viele neue M\u00f6glichkeiten brachte und dem lang gehegter Wunsch um Aufnahme von Frauen entgegenkam.<\/p>\n<p>Der damalige M\u00e4nnerchor besch\u00e4ftigte sich vorwiegend mit Choralges\u00e4ngen, erarbeitete sich aber bald im Verlaufe der Jahre einige mehrstimmige Messen. Zum Jahresprogramm geh\u00f6rte auch die allj\u00e4hrliche Weihnachtsfeier mit Liedern und Theaterst\u00fccken. Als erste Organistin wirkte das Fr\u00e4ulein Verena Wyss, die den Chor und die Gemeinde auf dem Harmonium begleitete.<\/p>\n<p>Die musikalische Leitung lag anf\u00e4nglich in den H\u00e4nden des Pfarrers. Die Suche nach einem geeigneten Dirigenten gestaltete sich schwierig. Von 1922 bis 1924 leitete Arthur St\u00f6cklin den Chor. Er f\u00fchrte erstmals technische Uebungen f\u00fcr Aussprache, Tonsatz etc. ein, die grossen Zuspruch fanden. Am 20. August 1922 fand zum ersten Mal ein gr\u00f6sserer Ausflug auf den B\u00fcrgenstock statt. 1927 herrschte ein gespanntes Verh\u00e4ltnis zwischen Chor und Dirigent Hans Ebner aus Basel. Der Dirigent habe mit der Auswahl der auszuf\u00fchrenden Musik zu hoch gegriffen, meinten die einen, w\u00e4hrend die anderen klagten, der Chor sei schuld durch seine Schluderei. Wegen diesen Zwistigkeiten wurde daraufhin der Gemischtenchor aufgehoben und ein neuer &#8222;Katholischer C\u00e4cilienchor M\u00fcnchenstein-Neuewelt&#8220; gegr\u00fcndet und Karl Ley als neuer Dirigent berufen.<\/p>\n<p><strong>Choral oder Mozart?<\/strong><\/p>\n<p>Auf Grund der kirchenmusikalischen Werke, die im Laufe der Jahrzehnte aufgef\u00fchrt wurden, l\u00e4sst sich eine bemerkenswerte Entwicklung und grosser Stilwandel feststellen. Die ersten Jahrzehnte standen ganz im Zeichen der c\u00e4cilianischen Bewegung (Reform gegen die stark verweltlichte Kirchenmusik). Es wurden zu jener Zeit nur Messen der gutgemeinten, doch eher stillosen &#8222;C\u00e4cilianer&#8220; gesungen (Filke, Faist, Gruber, Wassmer u.A.) Seit den Dreissiger Jahren richtete man sich strikter nach den p\u00e4pstlichen Weisungen. Die Choralpflege wurde wieder intensiviert und mehr Volksgesang eingeschaltet. Zum Beispiel musste auf bisch\u00f6fliche Weisung hin ein mal monatlich ein Volkschoralamt gesungen werden. Ebenfalls erfuhren Werke der r\u00f6misch-klassischen Polyphonie (Palestrina, Orlando di Lasso u.A.) sowie der verwandten venezianischen Schule (Hassler, Corce u.A.) st\u00e4rkere Ber\u00fccksichtigung. Daneben erklangen Messen aus der Wiener Klassik (Mozart, Haydn) und der Romantik (W\u00f6ss, Bruckner, Rheinberger). Aber auch Werke neuer neuerer Komponisten (Huber, Hilber, Pfiffner) wurden nicht vergessen.<\/p>\n<p>Die amtliche Kirchenleitung achtete unter Anderem darauf, dass nur wahre Kirchenmusik zur Auff\u00fchrung kam. 1932 zum Beispiel konnte die auf Ostern vorgesehene &#8222;Missa brevis in B&#8220; von W.A. Mozart nicht gesungen werden. Durch einen Denunzianten informiert verbot Bistumspr\u00e4ses Frey aus Luzern die Mozartmesse gem\u00e4ss bisch\u00f6flicher Verordnung.<\/p>\n<div id=\"attachment_413\" style=\"width: 610px\" class=\"wp-caption alignnone\"><img loading=\"lazy\" decoding=\"async\" aria-describedby=\"caption-attachment-413\" class=\"wp-image-413 size-full\" src=\"https:\/\/www.caecilienchor-muenchenstein.ch\/wp-content\/uploads\/caeciliengesangsfest_1934.jpg\" alt=\"C\u00e4ciliengesangsfest 1934\" width=\"600\" height=\"464\" srcset=\"https:\/\/www.caecilienchor-muenchenstein.ch\/wp-content\/uploads\/caeciliengesangsfest_1934.jpg 600w, https:\/\/www.caecilienchor-muenchenstein.ch\/wp-content\/uploads\/caeciliengesangsfest_1934-150x116.jpg 150w, https:\/\/www.caecilienchor-muenchenstein.ch\/wp-content\/uploads\/caeciliengesangsfest_1934-300x232.jpg 300w, https:\/\/www.caecilienchor-muenchenstein.ch\/wp-content\/uploads\/caeciliengesangsfest_1934-194x150.jpg 194w\" sizes=\"(max-width: 600px) 100vw, 600px\" \/><p id=\"caption-attachment-413\" class=\"wp-caption-text\">1934 organisierte der C\u00e4cilienchor M\u00fcnchenstein das C\u00e4ciliengesangsfest des Dekanats Baselland<\/p><\/div>\n<p><strong>Auf der eigenen Empore<\/strong><\/p>\n<p>Zu Beginn der Dreissiger Jahre stand auch f\u00fcr den C\u00e4cilienchor der geplante Kirchenbau im Vordergrund. Die feierliche Einweihung der neuen \u201eFranz Xaver-Kirche\u201c am 26. September 1932 wurde auch f\u00fcr den C\u00e4cilienchor zur grossen Herausforderung. Wie haben da wohl die S\u00e4ngerherzen h\u00f6her geschlagen, im gl\u00fccklichen Bewusstsein, auf der Empore der neuen Kirche das erste Messopfer mit dem jubelnden Gesang der Orchestermesse &#8222;Panis angelicus&#8220; von Wassmer mitzufeiern. Jetzt befand sich der Chor in der gl\u00fccklichen Lage, erstmals das Dekanatsfest des Dekanats-C\u00e4cilienverbandes in den neuen R\u00e4umen zu organisieren. Die Tagung fand am Pfingstmontag 1934 statt und ging als sch\u00f6ner Erfolg in die Vereinsgeschichte ein.<\/p>\n<p>Das Festmenu kostete damals Fr. 2.50 und umfasste Suppe, Kartoffelstock mit Braten , Gem\u00fcse, Salat und Dessert. Zur St\u00e4rkung nach den Einsingproben wurde ferner eine \u201eZn\u00fcnisuppe\u201c mit Brot f\u00fcr 35 Rappen angeboten. Seit der Einweihung der Kirche wurde es zur Tradition, jeweils an Weihnachten, aber auch an anderen hohen Festen des Kirchenjahres Orchestermessen zu singen.<\/p>\n<p>Der Kriegsausbruch von 1939 schr\u00e4nkte den Vereinsbetrieb durch die Abwesenheit vieler M\u00e4nner im Aktivdienst stark ein. Doch vers\u00e4umten diese nicht, im Rahmen des M\u00f6glichen am Chorleben teilzunehmen. Zur Entlastung des Chores setzte der Pfarrer monatlich eine Volkssingmesse an. Somit sind vom Chor monatlich noch zwei mehrstimmige Aemter und eine Choralmesse zu gestalten.<\/p>\n<p>Nach Kriegsende erlebte der Chor einen grossen Aufschwung und die Mitgliederzahl stieg bald auf weit \u00fcber 50 aktive S\u00e4ngerinnen und S\u00e4nger.<\/p>\n<div id=\"attachment_416\" style=\"width: 414px\" class=\"wp-caption alignright\"><img loading=\"lazy\" decoding=\"async\" aria-describedby=\"caption-attachment-416\" class=\"wp-image-416 size-full\" src=\"https:\/\/www.caecilienchor-muenchenstein.ch\/wp-content\/uploads\/ausflug1.jpg\" alt=\"Gesellige Ausfl\u00fcge anno ???? mit W. Scheidegger (Vater), Willi Fl\u00fcck, Lina Scheidegger, R\u00f6sly Fuchs (Stalder), Nelly H\u00fcgin, Karl H\u00fcgin (Dirigent), Frau Fl\u00fcck und S\u00f6hne, Frau Kaufmann, Gusti Kaufmann (vlnar)\" width=\"404\" height=\"292\" srcset=\"https:\/\/www.caecilienchor-muenchenstein.ch\/wp-content\/uploads\/ausflug1.jpg 404w, https:\/\/www.caecilienchor-muenchenstein.ch\/wp-content\/uploads\/ausflug1-150x108.jpg 150w, https:\/\/www.caecilienchor-muenchenstein.ch\/wp-content\/uploads\/ausflug1-300x217.jpg 300w, https:\/\/www.caecilienchor-muenchenstein.ch\/wp-content\/uploads\/ausflug1-208x150.jpg 208w\" sizes=\"(max-width: 404px) 100vw, 404px\" \/><p id=\"caption-attachment-416\" class=\"wp-caption-text\">Herr Peter (Vater), D\u00f6lf Burkardt, Julus Schott, Toni Hunkeler, Josef H\u00e4nggi, Willi Scheidegger (vlnr)<\/p><\/div>\n<p><strong>Endlich eine Orgel<\/strong><\/p>\n<p>Noch fehlte aber eine eigene Orgel in der Pfarrkirche. Seit vielen Jahren sammelten die Pfarreiangeh\u00f6rigen fleissig Geld f\u00fcr eine richtige Orgel. 1951 kam der grosse Freudentag: die &#8222;K\u00f6nigin der Instrumente&#8220; liess ihre ersten rauschenden Akkorde in unserer Kirche erklingen. Am 4. Mai 1952 wurde sie von Abt Basilius von Mariastein feierlich eingeweiht. Ab Februar 1952 engagierte der Kirchgemeinderat auch einen eigenen Organisten in der Person von Eduard Kaufmann.<\/p>\n<p>Anl\u00e4sslich des 50 Jahr Jubil\u00e4ums der Pfarrei feierte der Chor ebenfalls sein Jubil\u00e4um mit einem Einkehrtag in Mariastein, mit einem Jubil\u00e4umsausflug und einem festlichen Gottesdienst mit der &#8222;Missa brevis in D&#8220; und dem &#8222;Laudate Dominum&#8220; von W. A. Mozart.<\/p>\n<p>Am 29. Mai 1961 fand das Dekanatsc\u00e4cilienfest wiederum in M\u00fcnchenstein statt. Der Verband feierte zugleich sein 75 J\u00e4hriges Bestehen. \u00dcber 600 anwesende S\u00e4ngerinnen und S\u00e4nger erlebten die Urauff\u00fchrung der &#8222;Missa unanimi voce&#8220; von Heino Schubert.<\/p>\n<p>Zum 60-j\u00e4hrigen Jubil\u00e4um erschien eine Schallplatte des C\u00e4cilienchores. Wenige Jahre sp\u00e4ter musste Karl H\u00fcgin nach 23-j\u00e4hriger T\u00e4tigkeit als Chorleiter und Organist aus gesundheitlichen Gr\u00fcnden demissionieren. Sein unvergessliches Wirken fand \u00fcber die Gemeinde hinaus grosse Anerkennung.<\/p>\n<p><strong>Sing dem Herrn ein neues Lied<\/strong><\/p>\n<p>Das 2. Vatikanische Konzil brachte wesentliche \u00c4nderungen in der Liturgie der Heiligen Messe. Die Landessprache wurde in den Mittelpunkt ger\u00fcckt und neue Ges\u00e4nge in der Volkssprache gefordert. Der Gregorianische Choral ebenso wie die traditionellen lateinischen Werke der grossen Meister liefen Gefahr, in den Hintergrund zu geraten. Diese neue Situation stellte an die Kirchench\u00f6re und deren Leiter wie auch an die Pfarreileiter grosse Anforderungen. Es galt, einen Mittelweg zu finden zwischen Tradition und Moderne, deutschem Volksgesang und lateinischen Messen.<\/p>\n<p>In den Jahren 1971\/73 erfolgte der Umbau der Kirche. Der Altar wurde in die Mitte des Kirchenraums versetzt. Leider musste auch die Orgel wegen gravierender M\u00e4ngeln und wegen der Neukonzeption des Kirchenraumes entfernt werden. Die neue Orgel, wof\u00fcr der Chor einen wesentlichen Beitrag stiftete, fand ihren neuen Platz nunmehr im ehemaligen Chorraum, Dort stellte sich k\u00fcnftig auch der Chor zum sonnt\u00e4glichen Gottesdienst auf, um im Angesicht der anwesenden Gl\u00e4ubigen mit festlicher Musik den Gottesdienst mitzugestalten.<\/p>\n<div id=\"attachment_419\" style=\"width: 422px\" class=\"wp-caption alignright\"><img loading=\"lazy\" decoding=\"async\" aria-describedby=\"caption-attachment-419\" class=\"size-full wp-image-419\" src=\"https:\/\/www.caecilienchor-muenchenstein.ch\/wp-content\/uploads\/ausflug4.gif\" alt=\"Josef H\u00e4nggi, Herr Peter, Viktor Nietlisbach, Eva Gisiger, Toni Hunkeler, Heinz Scheidegger (vlnr)\" width=\"412\" height=\"278\" \/><p id=\"caption-attachment-419\" class=\"wp-caption-text\">Josef H\u00e4nggi, Herr Peter, Viktor Nietlisbach, Eva Gisiger, Toni Hunkeler, Heinz Scheidegger (vlnr)<\/p><\/div>\n<p><strong>Licht und Schattenseiten<\/strong><\/p>\n<p>Durch die Initiative des damaligen Dirigenten Othmar Lenherr wurde 1975 zum ersten mal ein Konzert in der Pfarrkiche, damals noch am Bettag, mit Werken von Bach und Heiller veranstaltet. Inzwischen ist dieser kirchenmusikalische Anlass zu einer liebgewordenen Tradition und zu einem kulturell bedeutenden Anlass geworden, der seit 1989 alle zwei Jahre stattfindet.<\/p>\n<p>Im Jahre 1982 feierte der Chor sein 75-j\u00e4hriges Jubil\u00e4um mit einem ausgew\u00e4hlten Programm. An Ostern Urauff\u00fchrung des deutschen Osterpropriums von P.J. Lenherr f\u00fcr Chor, 3 Oboen und Orgel. Dazu gestalten befreundete Ch\u00f6re der Umgebung unsere Gottesdienste mit. H\u00f6hepunkt bildete das festliche Konzert &#8222;Musica Bohemica Antiqua&#8220; mit Werken von F.X. und Simon Brixi. Ausserdem f\u00fchrte eine viert\u00e4gige Jubil\u00e4umsreise ins S\u00fcdtirol.<\/p>\n<p>Grosse Differenzen zwischen der Pfarreileitung und dem Kirchenmusiker f\u00fchrten 1993 zur Entlassung des langj\u00e4hrigen Organisten und Chordirigenten Othmar Lenherr. Der Chor geriet in grosse Schwierigkeiten, viele Mitglieder erkl\u00e4rten ihren R\u00fccktritt. Doch das Kirchenchorschiff \u00fcberlebte auch diesen Sturm und blieb seiner Pflicht gegen\u00fcber der Kirche und der musica sacra treu. Mit der jungen Dirigentin Franziska Meier begann bald ein neuer Aufschwung.<\/p>\n<p>Im Jahre 1997 wurde das 90-j\u00e4hrige Jubil\u00e4um mit feierlichen Orchestermessen und einem Festakt gefeiert. Unvergesslich bleiben vor allem die musikalischen Einlagen, die der Chor an den Pfarreifesten zur Unterhaltung bot, zum Beispiel der Tanz des ber\u00fchmten Schwanenballetts, oder der Auftritt als Monkeys Singers in braunen Kutten. Heute singen wieder weit \u00fcber 30 aktive S\u00e4ngerinnen und S\u00e4nger begeistert mit, nunmehr unter Leitung des Dirigenten Rolf Herter.<\/p>\n<p><strong>Neue Herausforderungen<\/strong><\/p>\n<p>2007 feierte der C\u00e4cilienchor zusammen mit der Pfarrei sein 100j\u00e4hriges Jubil\u00e4um. Doch es blieb keine Zeit, auf den Lorbeeren auszuruhen. Unsere heutige Wohlstandsgesellschaft hinterl\u00e4sst auch bei den Kirchench\u00f6ren ihre Spuren. Es wird zunehmend schwieriger, Menschen f\u00fcr den Kirchengesang zu begeistern.<\/p>\n<p>Gleichzeitig befinden wir uns mitten in einem grossen kulturellen Wandel. Neue Formen in der Liturgie und in der Kirchenmusik werden verlangt. Sie stellen eine grosse Herausforderung dar. Mit dem Volk gemeinsam zu singen, daneben neue moderne Formen der Kirchenmusik einzustudieren, gleichzeitig die kostbaren Werke aus dem reichen Schatz der Kirchenmusik zu pflegen, ist eine anspruchsvolle aber auch begl\u00fcckende Aufgabe eines jeden engagierten Chores. So k\u00f6nnen wir auch in Zukunft unserer Aufgabe gerecht werden, durch die Musik Gott zu ehren und den Menschen Freude zu bereiten.<\/p>\n<p style=\"text-align: right;\"><em>(geschrieben anl\u00e4sslich des 100-j\u00e4hrigen Jubil\u00e4ums 2007)<\/em><\/p>\n","protected":false},"excerpt":{"rendered":"<p>Gott zur Ehre Der C\u00e4cilienchor M\u00fcnchenstein ist so alt wie die Pfarrei M\u00fcnchenstein. Im Januar 1907 wurde die Pfarrei M\u00fcnchenstein offiziell gegr\u00fcndet. Die Messe musste aber vorerst in der Kirche von Arlesheim gehalten werden. Am 8. Dezember 1907 konnte der erste Gottesdienst im Rohbau des neu erbauten Betsaales gefeiert werden,\u2026<\/p>\n<p class=\"continue-reading-button\"> <a class=\"continue-reading-link\" href=\"https:\/\/www.caecilienchor-muenchenstein.ch\/?page_id=410\">Weiterlesen\u00bb<i class=\"crycon-right-dir\"><\/i><\/a><\/p>\n","protected":false},"author":1,"featured_media":0,"parent":0,"menu_order":0,"comment_status":"closed","ping_status":"open","template":"","meta":{"footnotes":""},"class_list":["post-410","page","type-page","status-publish","hentry"],"_links":{"self":[{"href":"https:\/\/www.caecilienchor-muenchenstein.ch\/index.php?rest_route=\/wp\/v2\/pages\/410"}],"collection":[{"href":"https:\/\/www.caecilienchor-muenchenstein.ch\/index.php?rest_route=\/wp\/v2\/pages"}],"about":[{"href":"https:\/\/www.caecilienchor-muenchenstein.ch\/index.php?rest_route=\/wp\/v2\/types\/page"}],"author":[{"embeddable":true,"href":"https:\/\/www.caecilienchor-muenchenstein.ch\/index.php?rest_route=\/wp\/v2\/users\/1"}],"replies":[{"embeddable":true,"href":"https:\/\/www.caecilienchor-muenchenstein.ch\/index.php?rest_route=%2Fwp%2Fv2%2Fcomments&post=410"}],"version-history":[{"count":4,"href":"https:\/\/www.caecilienchor-muenchenstein.ch\/index.php?rest_route=\/wp\/v2\/pages\/410\/revisions"}],"predecessor-version":[{"id":420,"href":"https:\/\/www.caecilienchor-muenchenstein.ch\/index.php?rest_route=\/wp\/v2\/pages\/410\/revisions\/420"}],"wp:attachment":[{"href":"https:\/\/www.caecilienchor-muenchenstein.ch\/index.php?rest_route=%2Fwp%2Fv2%2Fmedia&parent=410"}],"curies":[{"name":"wp","href":"https:\/\/api.w.org\/{rel}","templated":true}]}}